{"id":470,"date":"2023-03-28T14:39:42","date_gmt":"2023-03-28T14:39:42","guid":{"rendered":"https:\/\/cobertnaus.com\/?page_id=470"},"modified":"2024-08-05T08:43:44","modified_gmt":"2024-08-05T08:43:44","slug":"accesibilidad","status":"publish","type":"page","link":"https:\/\/cobertnaus.com\/ca\/accesibilidad\/","title":{"rendered":"Accessibilitat"},"content":{"rendered":"<div class=\"wpb-content-wrapper\"><div data-parent=\"true\" class=\"vc_row has-bg need-focus style-color-vyce-bg row-container\" id=\"row-unique-0\"><div class=\"row single-top-padding single-bottom-padding double-h-padding full-width row-parent\"><div class=\"wpb_row row-inner\"><div class=\"wpb_column pos-top pos-center align_left column_parent col-lg-12 single-internal-gutter\"><div class=\"uncol style-light\"  ><div class=\"uncoltable\"><div class=\"uncell no-block-padding\" ><div class=\"uncont\" ><div class=\"vc_custom_heading_wrap\"><div class=\"heading-text el-text bottom-t-top animate_when_almost_visible\" ><h2 class=\"h2 text-color-xsdn-color\" ><span>Declaraci\u00f3 d'accessibilitat del lloc web cobertnaus.com<\/span><\/h2><\/div><div class=\"clear\"><\/div><\/div><\/div><\/div><\/div><\/div><\/div><script id=\"script-row-unique-0\" data-row=\"script-row-unique-0\" type=\"text\/javascript\" class=\"vc_controls\">UNCODE.initRow(document.getElementById(\"row-unique-0\"));<\/script><\/div><\/div><\/div><div data-parent=\"true\" class=\"vc_row row-container\" id=\"row-unique-1\"><div class=\"row single-top-padding single-bottom-padding double-h-padding full-width row-parent\"><div class=\"wpb_row row-inner\"><div class=\"wpb_column pos-top pos-center align_left column_parent col-lg-12 single-internal-gutter\"><div class=\"uncol style-light\"  ><div class=\"uncoltable\"><div class=\"uncell no-block-padding\" ><div class=\"uncont\" ><div class=\"uncode_text_column\" ><p>Cobertnaus, S.L. s'ha comprom\u00e8s a fer accessible la seva p\u00e0gina web de conformitat amb el Reial decret 1112\/2018, de 7 de setembre, sobre accessibilitat dels llocs web i aplicacions per a dispositius m\u00f2bils. Reial decret 1112\/2018, de 7 de setembre.<\/p>\n<p>S'han considerat les mesures seg\u00fcents per permetre que els usuaris accedeixin a tots els continguts i les funcionalitats d'una manera m\u00e9s f\u00e0cil:<\/p>\n<p><strong>Multinavegador<\/strong><br \/>\nLes p\u00e0gines presenten una visualitzaci\u00f3 correcta als diferents navegadors utilitzats per a l'an\u00e0lisi (Mozilla, Internet Explorer, Safari, Chrome).<\/p>\n<p><strong>Navegaci\u00f3 coherent<\/strong><br \/>\nS'assegura la consist\u00e8ncia al lloc web, que permet que la navegaci\u00f3 sigui coherent a totes les p\u00e0gines i ofereix una experi\u00e8ncia d'usuari gratificant.<\/p>\n<p><strong>Distraccions<\/strong><br \/>\nS'eviten interfer\u00e8ncies com el contingut intermitent, el parpelleig exagerat o l'\u00e0udio que s'engega autom\u00e0ticament.<\/p>\n<p><strong>Imatges de text<\/strong><br \/>\nEn general, el contingut, excepte logotips o imatges de marca, es pot configurar perfectament, ja que s'eviten les imatges de text.<\/p>\n<p><strong>T\u00edtols<\/strong><br \/>\nEls t\u00edtols de p\u00e0gina anomenen la secci\u00f3 per contextualitzar els usuaris.<\/p>\n<p><strong>Contrast de colors<\/strong><br \/>\nLes caracter\u00edstiques visuals del web (tipus de lletra, color de text i fons, etc.) s'han definit mitjan\u00e7ant el full d'estil. Compleixen les pautes de les WCAG 2.0 referides a la r\u00e0tio de contrast en el nivell AA.<\/p>\n<p><strong>Xarxes socials<\/strong><br \/>\nEls connectors de les xarxes socials s\u00f3n accessibles.<\/p>\n<p><strong>Llenguatge<\/strong><br \/>\nEl llenguatge de la p\u00e0gina \u00e9s simple i adequat per al p\u00fablic al qual va dirigit el contingut.<\/p>\n<\/div><\/div><\/div><\/div><\/div><\/div><script id=\"script-row-unique-1\" data-row=\"script-row-unique-1\" type=\"text\/javascript\" class=\"vc_controls\">UNCODE.initRow(document.getElementById(\"row-unique-1\"));<\/script><\/div><\/div><\/div><div data-parent=\"true\" class=\"vc_row row-container\" id=\"row-unique-2\"><div class=\"row limit-width row-parent\"><div class=\"wpb_row row-inner\"><div class=\"wpb_column pos-top pos-center align_left column_parent col-lg-12 single-internal-gutter\"><div class=\"uncol style-light\"  ><div class=\"uncoltable\"><div class=\"uncell no-block-padding\" ><div class=\"uncont\" ><\/div><\/div><\/div><\/div><\/div><script id=\"script-row-unique-2\" data-row=\"script-row-unique-2\" type=\"text\/javascript\" class=\"vc_controls\">UNCODE.initRow(document.getElementById(\"row-unique-2\"));<\/script><\/div><\/div><\/div>\n<\/div>","protected":false},"excerpt":{"rendered":"Declaraci\u00f3n de accesibilidad del sitio web cobertnaus.comCobertnaus, S.L. se ha comprometido a hacer accesible su p\u00e1gina web en conformidad con [...]","protected":false},"author":1,"featured_media":0,"parent":0,"menu_order":0,"comment_status":"closed","ping_status":"closed","template":"","meta":{"footnotes":""},"class_list":["post-470","page","type-page","status-publish","hentry"],"yoast_head":"<!-- This site is optimized with the Yoast SEO plugin v27.5 - https:\/\/yoast.com\/product\/yoast-seo-wordpress\/ -->\n<title>Accesibilidad - Cobertnaus<\/title>\n<meta name=\"description\" content=\"Somos especialistas en cubiertas y fachadas de naves industriales, rehabilitaci\u00f3n, mantenimiento y reparaciones.\" \/>\n<meta name=\"robots\" content=\"index, follow, max-snippet:-1, max-image-preview:large, max-video-preview:-1\" \/>\n<link rel=\"canonical\" href=\"https:\/\/cobertnaus.com\/ca\/accesibilidad\/\" \/>\n<meta property=\"og:locale\" content=\"ca_ES\" \/>\n<meta property=\"og:type\" content=\"article\" \/>\n<meta property=\"og:title\" content=\"Accesibilidad - Cobertnaus\" \/>\n<meta property=\"og:description\" content=\"Somos especialistas en cubiertas y fachadas de naves industriales, rehabilitaci\u00f3n, mantenimiento y reparaciones.\" \/>\n<meta property=\"og:url\" content=\"https:\/\/cobertnaus.com\/ca\/accesibilidad\/\" \/>\n<meta property=\"og:site_name\" content=\"Cobertnaus\" \/>\n<meta property=\"article:publisher\" content=\"https:\/\/www.facebook.com\/Cobertnaus?fref=ts\" \/>\n<meta property=\"article:modified_time\" content=\"2024-08-05T08:43:44+00:00\" \/>\n<meta name=\"twitter:card\" content=\"summary_large_image\" \/>\n<meta name=\"twitter:label1\" content=\"Temps estimat de lectura\" \/>\n\t<meta name=\"twitter:data1\" content=\"2 minuts\" \/>\n<script type=\"application\/ld+json\" class=\"yoast-schema-graph\">{\"@context\":\"https:\\\/\\\/schema.org\",\"@graph\":[{\"@type\":\"WebPage\",\"@id\":\"https:\\\/\\\/cobertnaus.com\\\/accesibilidad\\\/\",\"url\":\"https:\\\/\\\/cobertnaus.com\\\/accesibilidad\\\/\",\"name\":\"Accesibilidad - Cobertnaus\",\"isPartOf\":{\"@id\":\"https:\\\/\\\/cobertnaus.com\\\/#website\"},\"datePublished\":\"2023-03-28T14:39:42+00:00\",\"dateModified\":\"2024-08-05T08:43:44+00:00\",\"description\":\"Somos especialistas en cubiertas y fachadas de naves industriales, rehabilitaci\u00f3n, mantenimiento y reparaciones.\",\"breadcrumb\":{\"@id\":\"https:\\\/\\\/cobertnaus.com\\\/accesibilidad\\\/#breadcrumb\"},\"inLanguage\":\"ca\",\"potentialAction\":[{\"@type\":\"ReadAction\",\"target\":[\"https:\\\/\\\/cobertnaus.com\\\/accesibilidad\\\/\"]}]},{\"@type\":\"BreadcrumbList\",\"@id\":\"https:\\\/\\\/cobertnaus.com\\\/accesibilidad\\\/#breadcrumb\",\"itemListElement\":[{\"@type\":\"ListItem\",\"position\":1,\"name\":\"Portada\",\"item\":\"https:\\\/\\\/cobertnaus.com\\\/\"},{\"@type\":\"ListItem\",\"position\":2,\"name\":\"Accesibilidad\"}]},{\"@type\":\"WebSite\",\"@id\":\"https:\\\/\\\/cobertnaus.com\\\/#website\",\"url\":\"https:\\\/\\\/cobertnaus.com\\\/\",\"name\":\"Cobertnaus\",\"description\":\"Rehabilitaci\u00f3n de naves industriales\",\"publisher\":{\"@id\":\"https:\\\/\\\/cobertnaus.com\\\/#organization\"},\"potentialAction\":[{\"@type\":\"SearchAction\",\"target\":{\"@type\":\"EntryPoint\",\"urlTemplate\":\"https:\\\/\\\/cobertnaus.com\\\/?s={search_term_string}\"},\"query-input\":{\"@type\":\"PropertyValueSpecification\",\"valueRequired\":true,\"valueName\":\"search_term_string\"}}],\"inLanguage\":\"ca\"},{\"@type\":\"Organization\",\"@id\":\"https:\\\/\\\/cobertnaus.com\\\/#organization\",\"name\":\"Cobertnaus\",\"url\":\"https:\\\/\\\/cobertnaus.com\\\/\",\"logo\":{\"@type\":\"ImageObject\",\"inLanguage\":\"ca\",\"@id\":\"https:\\\/\\\/cobertnaus.com\\\/#\\\/schema\\\/logo\\\/image\\\/\",\"url\":\"https:\\\/\\\/cobertnaus.com\\\/wp-content\\\/uploads\\\/2023\\\/02\\\/logo_cobertnaus_positivo.png\",\"contentUrl\":\"https:\\\/\\\/cobertnaus.com\\\/wp-content\\\/uploads\\\/2023\\\/02\\\/logo_cobertnaus_positivo.png\",\"width\":271,\"height\":87,\"caption\":\"Cobertnaus\"},\"image\":{\"@id\":\"https:\\\/\\\/cobertnaus.com\\\/#\\\/schema\\\/logo\\\/image\\\/\"},\"sameAs\":[\"https:\\\/\\\/www.facebook.com\\\/Cobertnaus?fref=ts\",\"https:\\\/\\\/www.pinterest.es\\\/Cobertnaus\\\/\"]}]}<\/script>\n<!-- \/ Yoast SEO plugin. -->","yoast_head_json":{"title":"Accesibilidad - Cobertnaus","description":"Somos especialistas en cubiertas y fachadas de naves industriales, rehabilitaci\u00f3n, mantenimiento y reparaciones.","robots":{"index":"index","follow":"follow","max-snippet":"max-snippet:-1","max-image-preview":"max-image-preview:large","max-video-preview":"max-video-preview:-1"},"canonical":"https:\/\/cobertnaus.com\/ca\/accesibilidad\/","og_locale":"ca_ES","og_type":"article","og_title":"Accesibilidad - Cobertnaus","og_description":"Somos especialistas en cubiertas y fachadas de naves industriales, rehabilitaci\u00f3n, mantenimiento y reparaciones.","og_url":"https:\/\/cobertnaus.com\/ca\/accesibilidad\/","og_site_name":"Cobertnaus","article_publisher":"https:\/\/www.facebook.com\/Cobertnaus?fref=ts","article_modified_time":"2024-08-05T08:43:44+00:00","twitter_card":"summary_large_image","twitter_misc":{"Temps estimat de lectura":"2 minuts"},"schema":{"@context":"https:\/\/schema.org","@graph":[{"@type":"WebPage","@id":"https:\/\/cobertnaus.com\/accesibilidad\/","url":"https:\/\/cobertnaus.com\/accesibilidad\/","name":"Accesibilidad - Cobertnaus","isPartOf":{"@id":"https:\/\/cobertnaus.com\/#website"},"datePublished":"2023-03-28T14:39:42+00:00","dateModified":"2024-08-05T08:43:44+00:00","description":"Somos especialistas en cubiertas y fachadas de naves industriales, rehabilitaci\u00f3n, mantenimiento y reparaciones.","breadcrumb":{"@id":"https:\/\/cobertnaus.com\/accesibilidad\/#breadcrumb"},"inLanguage":"ca","potentialAction":[{"@type":"ReadAction","target":["https:\/\/cobertnaus.com\/accesibilidad\/"]}]},{"@type":"BreadcrumbList","@id":"https:\/\/cobertnaus.com\/accesibilidad\/#breadcrumb","itemListElement":[{"@type":"ListItem","position":1,"name":"Portada","item":"https:\/\/cobertnaus.com\/"},{"@type":"ListItem","position":2,"name":"Accesibilidad"}]},{"@type":"WebSite","@id":"https:\/\/cobertnaus.com\/#website","url":"https:\/\/cobertnaus.com\/","name":"Cobertnaus","description":"Rehabilitaci\u00f3n de naves industriales","publisher":{"@id":"https:\/\/cobertnaus.com\/#organization"},"potentialAction":[{"@type":"SearchAction","target":{"@type":"EntryPoint","urlTemplate":"https:\/\/cobertnaus.com\/?s={search_term_string}"},"query-input":{"@type":"PropertyValueSpecification","valueRequired":true,"valueName":"search_term_string"}}],"inLanguage":"ca"},{"@type":"Organization","@id":"https:\/\/cobertnaus.com\/#organization","name":"Cobertnaus","url":"https:\/\/cobertnaus.com\/","logo":{"@type":"ImageObject","inLanguage":"ca","@id":"https:\/\/cobertnaus.com\/#\/schema\/logo\/image\/","url":"https:\/\/cobertnaus.com\/wp-content\/uploads\/2023\/02\/logo_cobertnaus_positivo.png","contentUrl":"https:\/\/cobertnaus.com\/wp-content\/uploads\/2023\/02\/logo_cobertnaus_positivo.png","width":271,"height":87,"caption":"Cobertnaus"},"image":{"@id":"https:\/\/cobertnaus.com\/#\/schema\/logo\/image\/"},"sameAs":["https:\/\/www.facebook.com\/Cobertnaus?fref=ts","https:\/\/www.pinterest.es\/Cobertnaus\/"]}]}},"_links":{"self":[{"href":"https:\/\/cobertnaus.com\/ca\/wp-json\/wp\/v2\/pages\/470","targetHints":{"allow":["GET"]}}],"collection":[{"href":"https:\/\/cobertnaus.com\/ca\/wp-json\/wp\/v2\/pages"}],"about":[{"href":"https:\/\/cobertnaus.com\/ca\/wp-json\/wp\/v2\/types\/page"}],"author":[{"embeddable":true,"href":"https:\/\/cobertnaus.com\/ca\/wp-json\/wp\/v2\/users\/1"}],"replies":[{"embeddable":true,"href":"https:\/\/cobertnaus.com\/ca\/wp-json\/wp\/v2\/comments?post=470"}],"version-history":[{"count":3,"href":"https:\/\/cobertnaus.com\/ca\/wp-json\/wp\/v2\/pages\/470\/revisions"}],"predecessor-version":[{"id":472,"href":"https:\/\/cobertnaus.com\/ca\/wp-json\/wp\/v2\/pages\/470\/revisions\/472"}],"wp:attachment":[{"href":"https:\/\/cobertnaus.com\/ca\/wp-json\/wp\/v2\/media?parent=470"}],"curies":[{"name":"wp","href":"https:\/\/api.w.org\/{rel}","templated":true}]}}